{"id":322,"date":"2023-12-01T12:42:11","date_gmt":"2023-12-01T11:42:11","guid":{"rendered":"https:\/\/kjp-aachen.de\/?page_id=322"},"modified":"2026-04-23T18:22:33","modified_gmt":"2026-04-23T16:22:33","slug":"team","status":"publish","type":"page","link":"https:\/\/kjp-aachen.de\/?page_id=322","title":{"rendered":"Team"},"content":{"rendered":"\t\t<div data-elementor-type=\"wp-page\" data-elementor-id=\"322\" class=\"elementor elementor-322\" data-elementor-post-type=\"page\">\n\t\t\t\t<div class=\"elementor-element elementor-element-3096555 e-con-full e-flex e-con e-parent\" data-id=\"3096555\" data-element_type=\"container\" data-e-type=\"container\" data-settings=\"{&quot;background_background&quot;:&quot;classic&quot;}\">\n\t\t\t\t<div class=\"elementor-element elementor-element-c4e406b elementor-widget elementor-widget-heading\" data-id=\"c4e406b\" data-element_type=\"widget\" data-e-type=\"widget\" data-widget_type=\"heading.default\">\n\t\t\t\t<div class=\"elementor-widget-container\">\n\t\t\t\t\t<h1 class=\"elementor-heading-title elementor-size-default\">Mit unserem engagierten Team sind wir gerne f\u00fcr Sie da!<\/h1>\t\t\t\t<\/div>\n\t\t\t\t<\/div>\n\t\t\t\t<\/div>\n\t\t<div class=\"elementor-element elementor-element-75e283a e-con-full e-flex e-con e-parent\" data-id=\"75e283a\" data-element_type=\"container\" data-e-type=\"container\" data-settings=\"{&quot;background_background&quot;:&quot;classic&quot;}\">\n\t\t<div class=\"elementor-element elementor-element-586db56 e-con-full e-flex e-con e-child\" data-id=\"586db56\" data-element_type=\"container\" data-e-type=\"container\">\n\t\t\t\t<div class=\"elementor-element elementor-element-8bf3597 elementor-widget elementor-widget-image\" data-id=\"8bf3597\" data-element_type=\"widget\" data-e-type=\"widget\" data-widget_type=\"image.default\">\n\t\t\t\t<div class=\"elementor-widget-container\">\n\t\t\t\t\t\t\t\t\t\t\t\t\t\t\t<img fetchpriority=\"high\" decoding=\"async\" width=\"800\" height=\"533\" src=\"https:\/\/kjp-aachen.de\/wp-content\/uploads\/2023\/12\/KJP-Aachen_Birte_Berger-Froehlig.jpg\" class=\"attachment-large size-large wp-image-328\" alt=\"Dr. med. Birte Berger-Froehlig\" srcset=\"https:\/\/kjp-aachen.de\/wp-content\/uploads\/2023\/12\/KJP-Aachen_Birte_Berger-Froehlig.jpg 800w, https:\/\/kjp-aachen.de\/wp-content\/uploads\/2023\/12\/KJP-Aachen_Birte_Berger-Froehlig-300x200.jpg 300w, https:\/\/kjp-aachen.de\/wp-content\/uploads\/2023\/12\/KJP-Aachen_Birte_Berger-Froehlig-768x512.jpg 768w\" sizes=\"(max-width: 800px) 100vw, 800px\" \/>\t\t\t\t\t\t\t\t\t\t\t\t\t\t\t<\/div>\n\t\t\t\t<\/div>\n\t\t\t\t<div class=\"elementor-element elementor-element-7f942af elementor-widget elementor-widget-image-box\" data-id=\"7f942af\" data-element_type=\"widget\" data-e-type=\"widget\" data-settings=\"{&quot;_animation&quot;:&quot;none&quot;}\" data-widget_type=\"image-box.default\">\n\t\t\t\t<div class=\"elementor-widget-container\">\n\t\t\t\t\t<div class=\"elementor-image-box-wrapper\"><div class=\"elementor-image-box-content\"><h4 class=\"elementor-image-box-title\"><b>Dr. med. Birte Berger-Fr\u00f6hlig<\/b><br>Kinder- und Jugendpsychiaterin <br>und -psychotherapeutin<\/h4><\/div><\/div>\t\t\t\t<\/div>\n\t\t\t\t<\/div>\n\t\t\t\t<\/div>\n\t\t<div class=\"elementor-element elementor-element-4ce66ec e-con-full e-flex e-con e-child\" data-id=\"4ce66ec\" data-element_type=\"container\" data-e-type=\"container\">\n\t\t\t\t<div class=\"elementor-element elementor-element-c192617 elementor-widget elementor-widget-image\" data-id=\"c192617\" data-element_type=\"widget\" data-e-type=\"widget\" data-widget_type=\"image.default\">\n\t\t\t\t<div class=\"elementor-widget-container\">\n\t\t\t\t\t\t\t\t\t\t\t\t\t\t\t<img decoding=\"async\" width=\"800\" height=\"533\" src=\"https:\/\/kjp-aachen.de\/wp-content\/uploads\/2023\/12\/KJP-Aachen_Patricia_Jennebach.jpg\" class=\"attachment-large size-large wp-image-329\" alt=\"Dr. med. Patricia Jennebach\" srcset=\"https:\/\/kjp-aachen.de\/wp-content\/uploads\/2023\/12\/KJP-Aachen_Patricia_Jennebach.jpg 800w, https:\/\/kjp-aachen.de\/wp-content\/uploads\/2023\/12\/KJP-Aachen_Patricia_Jennebach-300x200.jpg 300w, https:\/\/kjp-aachen.de\/wp-content\/uploads\/2023\/12\/KJP-Aachen_Patricia_Jennebach-768x512.jpg 768w\" sizes=\"(max-width: 800px) 100vw, 800px\" \/>\t\t\t\t\t\t\t\t\t\t\t\t\t\t\t<\/div>\n\t\t\t\t<\/div>\n\t\t\t\t<div class=\"elementor-element elementor-element-e7a78b9 elementor-widget elementor-widget-image-box\" data-id=\"e7a78b9\" data-element_type=\"widget\" data-e-type=\"widget\" data-settings=\"{&quot;_animation&quot;:&quot;none&quot;}\" data-widget_type=\"image-box.default\">\n\t\t\t\t<div class=\"elementor-widget-container\">\n\t\t\t\t\t<div class=\"elementor-image-box-wrapper\"><div class=\"elementor-image-box-content\"><h4 class=\"elementor-image-box-title\"><b>Dr. med. Patricia Jennebach<\/b><br>Kinder- und Jugendpsychiaterin<br>und -psychotherapeutin<\/h4><\/div><\/div>\t\t\t\t<\/div>\n\t\t\t\t<\/div>\n\t\t\t\t<\/div>\n\t\t\t\t<\/div>\n\t\t<div class=\"elementor-element elementor-element-35826ac e-con-full e-flex e-con e-parent\" data-id=\"35826ac\" data-element_type=\"container\" data-e-type=\"container\" data-settings=\"{&quot;background_background&quot;:&quot;gradient&quot;}\">\n\t\t<div class=\"elementor-element elementor-element-ccf8b0e e-flex e-con-boxed e-con e-child\" data-id=\"ccf8b0e\" data-element_type=\"container\" data-e-type=\"container\">\n\t\t\t\t\t<div class=\"e-con-inner\">\n\t\t<div class=\"elementor-element elementor-element-e186611 e-flex e-con-boxed e-con e-child\" data-id=\"e186611\" data-element_type=\"container\" data-e-type=\"container\">\n\t\t\t\t\t<div class=\"e-con-inner\">\n\t\t\t\t<div class=\"elementor-element elementor-element-10a5de8 elementor-widget elementor-widget-text-editor\" data-id=\"10a5de8\" data-element_type=\"widget\" data-e-type=\"widget\" data-widget_type=\"text-editor.default\">\n\t\t\t\t<div class=\"elementor-widget-container\">\n\t\t\t\t\t\t\t\t\t<p>Unsere Namen sind <strong>Dr. Patricia Jennebach<\/strong> und <strong>Dr. Birte Berger-Fr\u00f6hlig<\/strong>.<\/p><p><span style=\"background-color: transparent; text-align: var(--text-align); color: var( --e-global-color-text ); font-family: var( --e-global-typography-text-font-family ), Sans-serif; font-weight: var( --e-global-typography-text-font-weight );\">Wir sind beide Fach\u00e4rztinnen f\u00fcr Kinder- und Jugendpsychiatrie und \u2011psychotherapie und kennen uns schon seit vielen Jahren aus unserer gemeinsamen T\u00e4tigkeit sowohl in der Kinder- und Jugendpsychiatrie des Universit\u00e4tsklinikums Aachen sowie in der Kinder- und Jugendpsychiatrie des St. Marien-Hospitals D\u00fcren. Dort haben wir vor unserer Niederlassung als Ober\u00e4rztinnen in den Tageskliniken sowie der Institutsambulanz gearbeitet. Wir sind durch unsere langj\u00e4hrige Klinikst\u00e4tigkeit versiert in der Behandlung von Krankheiten aus dem gesamten Bereich der Kinder- und Jugendpsychiatrie einschlie\u00dflich der psychosomatischen St\u00f6rungen. Diese Erfahrungen setzen wir ein, um mit unserem multiprofessionellen Team f\u00fcr Ihre oder f\u00fcr die Ihnen anvertrauten Kinder und Jugendlichen da zu sein und die bestm\u00f6glichen individuellen Hilfen und Behandlungsm\u00f6glichkeiten zu finden.<\/span><\/p>\t\t\t\t\t\t\t\t<\/div>\n\t\t\t\t<\/div>\n\t\t\t\t\t<\/div>\n\t\t\t\t<\/div>\n\t\t\t\t<div class=\"elementor-element elementor-element-7193aae elementor-widget elementor-widget-image-box\" data-id=\"7193aae\" data-element_type=\"widget\" data-e-type=\"widget\" data-settings=\"{&quot;_animation&quot;:&quot;none&quot;}\" data-widget_type=\"image-box.default\">\n\t\t\t\t<div class=\"elementor-widget-container\">\n\t\t\t\t\t<div class=\"elementor-image-box-wrapper\"><div class=\"elementor-image-box-content\"><h4 class=\"elementor-image-box-title\">Team f\u00fcr Medizinisches und Organisation<\/h4><p class=\"elementor-image-box-description\"><br>\n<b>A. Meyer,\nAssistenz der Praxisleitung, <\/b>\nPsychologin (B.Sc.), Kommunikationswissenschaftlerin (B.Sc.), Soziologin (M.A.)<br><br><b>A. Abels<\/b>, Praxisassistenz (Werksstudentin), Business Studies<br><br>\n<b>A. Adzic<\/b>, Medizinische Fachangestellte<br><br><span style=\"--brlbs-tw-scale-x: 1;--brlbs-tw-scale-y: 1;--brlbs-tw-pan-x:;--brlbs-tw-pan-y:;--brlbs-tw-pinch-zoom:;--brlbs-tw-scroll-snap-strictness: proximity;--brlbs-tw-gradient-from-position:;--brlbs-tw-gradient-via-position:;--brlbs-tw-gradient-to-position:;--brlbs-tw-ordinal:;--brlbs-tw-slashed-zero:;--brlbs-tw-numeric-figure:;--brlbs-tw-numeric-spacing:;--brlbs-tw-numeric-fraction:;--brlbs-tw-ring-inset:;--brlbs-tw-ring-offset-width: 0px;--brlbs-tw-ring-offset-color: #fff;--brlbs-tw-ring-offset-shadow: 0 0 #0000;--brlbs-tw-ring-shadow: 0 0 #0000;--brlbs-tw-shadow: 0 0 #0000;--brlbs-tw-shadow-colored: 0 0 #0000;--brlbs-tw-blur:;--brlbs-tw-brightness:;--brlbs-tw-contrast:;--brlbs-tw-grayscale:;--brlbs-tw-hue-rotate:;--brlbs-tw-invert:;--brlbs-tw-saturate:;--brlbs-tw-sepia:;--brlbs-tw-drop-shadow:;--brlbs-tw-backdrop-blur:;--brlbs-tw-backdrop-brightness:;--brlbs-tw-backdrop-contrast:;--brlbs-tw-backdrop-grayscale:;--brlbs-tw-backdrop-hue-rotate:;--brlbs-tw-backdrop-invert:;--brlbs-tw-backdrop-opacity:;--brlbs-tw-backdrop-saturate:;--brlbs-tw-backdrop-sepia:;--brlbs-tw-contain-size:;--brlbs-tw-contain-layout:;--brlbs-tw-contain-paint:;--brlbs-tw-contain-style:;font-weight: 700\">E. J\u00e4gers, <\/span><span style=\"--brlbs-tw-scale-x: 1;--brlbs-tw-scale-y: 1;--brlbs-tw-pan-x:;--brlbs-tw-pan-y:;--brlbs-tw-pinch-zoom:;--brlbs-tw-scroll-snap-strictness: proximity;--brlbs-tw-gradient-from-position:;--brlbs-tw-gradient-via-position:;--brlbs-tw-gradient-to-position:;--brlbs-tw-ordinal:;--brlbs-tw-slashed-zero:;--brlbs-tw-numeric-figure:;--brlbs-tw-numeric-spacing:;--brlbs-tw-numeric-fraction:;--brlbs-tw-ring-inset:;--brlbs-tw-ring-offset-width: 0px;--brlbs-tw-ring-offset-color: #fff;--brlbs-tw-ring-offset-shadow: 0 0 #0000;--brlbs-tw-ring-shadow: 0 0 #0000;--brlbs-tw-shadow: 0 0 #0000;--brlbs-tw-shadow-colored: 0 0 #0000;--brlbs-tw-blur:;--brlbs-tw-brightness:;--brlbs-tw-contrast:;--brlbs-tw-grayscale:;--brlbs-tw-hue-rotate:;--brlbs-tw-invert:;--brlbs-tw-saturate:;--brlbs-tw-sepia:;--brlbs-tw-drop-shadow:;--brlbs-tw-backdrop-blur:;--brlbs-tw-backdrop-brightness:;--brlbs-tw-backdrop-contrast:;--brlbs-tw-backdrop-grayscale:;--brlbs-tw-backdrop-hue-rotate:;--brlbs-tw-backdrop-invert:;--brlbs-tw-backdrop-opacity:;--brlbs-tw-backdrop-saturate:;--brlbs-tw-backdrop-sepia:;--brlbs-tw-contain-size:;--brlbs-tw-contain-layout:;--brlbs-tw-contain-paint:;--brlbs-tw-contain-style:\">Praxisassistenz (Werkstudentin Psychologie)<b><br><br>G. Klotz, <\/b><\/span>Praxisassistenz (Werkstudentin)<br><br><b><\/p><\/div><\/div>\t\t\t\t<\/div>\n\t\t\t\t<\/div>\n\t\t\t\t<div class=\"elementor-element elementor-element-8ebd1e2 elementor-widget elementor-widget-image-box\" data-id=\"8ebd1e2\" data-element_type=\"widget\" data-e-type=\"widget\" data-settings=\"{&quot;_animation&quot;:&quot;none&quot;}\" data-widget_type=\"image-box.default\">\n\t\t\t\t<div class=\"elementor-widget-container\">\n\t\t\t\t\t<div class=\"elementor-image-box-wrapper\"><div class=\"elementor-image-box-content\"><h4 class=\"elementor-image-box-title\">Sozialpsychiatrisches Team<\/h4><p class=\"elementor-image-box-description\"><br>\n<b>S. Alfer<\/b>, Erziehungswissenschaftlerin (B.A.), standardisierte Diagnostik, Begleitung bei Gruppenarbeit<br><br><span style=\"--brlbs-tw-scale-x: 1;--brlbs-tw-scale-y: 1;--brlbs-tw-pan-x:;--brlbs-tw-pan-y:;--brlbs-tw-pinch-zoom:;--brlbs-tw-scroll-snap-strictness: proximity;--brlbs-tw-gradient-from-position:;--brlbs-tw-gradient-via-position:;--brlbs-tw-gradient-to-position:;--brlbs-tw-ordinal:;--brlbs-tw-slashed-zero:;--brlbs-tw-numeric-figure:;--brlbs-tw-numeric-spacing:;--brlbs-tw-numeric-fraction:;--brlbs-tw-ring-inset:;--brlbs-tw-ring-offset-width: 0px;--brlbs-tw-ring-offset-color: #fff;--brlbs-tw-ring-offset-shadow: 0 0 #0000;--brlbs-tw-ring-shadow: 0 0 #0000;--brlbs-tw-shadow: 0 0 #0000;--brlbs-tw-shadow-colored: 0 0 #0000;--brlbs-tw-blur:;--brlbs-tw-brightness:;--brlbs-tw-contrast:;--brlbs-tw-grayscale:;--brlbs-tw-hue-rotate:;--brlbs-tw-invert:;--brlbs-tw-saturate:;--brlbs-tw-sepia:;--brlbs-tw-drop-shadow:;--brlbs-tw-backdrop-blur:;--brlbs-tw-backdrop-brightness:;--brlbs-tw-backdrop-contrast:;--brlbs-tw-backdrop-grayscale:;--brlbs-tw-backdrop-hue-rotate:;--brlbs-tw-backdrop-invert:;--brlbs-tw-backdrop-opacity:;--brlbs-tw-backdrop-saturate:;--brlbs-tw-backdrop-sepia:;--brlbs-tw-contain-size:;--brlbs-tw-contain-layout:;--brlbs-tw-contain-paint:;--brlbs-tw-contain-style:;font-weight: 700\">D. Altwicker<\/span>, Klinische Heilp\u00e4dagogin (M.A.), KJPT i.A. (TP), Diagnostik, Einzel- und Gruppenarbeit<br style=\"--brlbs-tw-scale-x: 1;--brlbs-tw-scale-y: 1;--brlbs-tw-pan-x:;--brlbs-tw-pan-y:;--brlbs-tw-pinch-zoom:;--brlbs-tw-scroll-snap-strictness: proximity;--brlbs-tw-gradient-from-position:;--brlbs-tw-gradient-via-position:;--brlbs-tw-gradient-to-position:;--brlbs-tw-ordinal:;--brlbs-tw-slashed-zero:;--brlbs-tw-numeric-figure:;--brlbs-tw-numeric-spacing:;--brlbs-tw-numeric-fraction:;--brlbs-tw-ring-inset:;--brlbs-tw-ring-offset-width: 0px;--brlbs-tw-ring-offset-color: #fff;--brlbs-tw-ring-offset-shadow: 0 0 #0000;--brlbs-tw-ring-shadow: 0 0 #0000;--brlbs-tw-shadow: 0 0 #0000;--brlbs-tw-shadow-colored: 0 0 #0000;--brlbs-tw-blur:;--brlbs-tw-brightness:;--brlbs-tw-contrast:;--brlbs-tw-grayscale:;--brlbs-tw-hue-rotate:;--brlbs-tw-invert:;--brlbs-tw-saturate:;--brlbs-tw-sepia:;--brlbs-tw-drop-shadow:;--brlbs-tw-backdrop-blur:;--brlbs-tw-backdrop-brightness:;--brlbs-tw-backdrop-contrast:;--brlbs-tw-backdrop-grayscale:;--brlbs-tw-backdrop-hue-rotate:;--brlbs-tw-backdrop-invert:;--brlbs-tw-backdrop-opacity:;--brlbs-tw-backdrop-saturate:;--brlbs-tw-backdrop-sepia:;--brlbs-tw-contain-size:;--brlbs-tw-contain-layout:;--brlbs-tw-contain-paint:;--brlbs-tw-contain-style:\"><br><b>J. Axer<\/b>, P\u00e4dagogin (Dipl.-P\u00e4d.), KJPT i. A. (VT), Diagnostik, Einzel- und Gruppenarbeit<br><br>\n<b>E. Baum<\/b>, Psychologin (M.Sc.), Diagnostik, Einzel- und Gruppenarbeit<br><br>\n<span style=\"--brlbs-tw-border-spacing-x: 0;--brlbs-tw-border-spacing-y: 0;--brlbs-tw-translate-x: 0;--brlbs-tw-translate-y: 0;--brlbs-tw-rotate: 0;--brlbs-tw-skew-x: 0;--brlbs-tw-skew-y: 0;--brlbs-tw-scale-x: 1;--brlbs-tw-scale-y: 1;--brlbs-tw-pan-x:;--brlbs-tw-pan-y:;--brlbs-tw-pinch-zoom:;--brlbs-tw-scroll-snap-strictness: proximity;--brlbs-tw-gradient-from-position:;--brlbs-tw-gradient-via-position:;--brlbs-tw-gradient-to-position:;--brlbs-tw-ordinal:;--brlbs-tw-slashed-zero:;--brlbs-tw-numeric-figure:;--brlbs-tw-numeric-spacing:;--brlbs-tw-numeric-fraction:;--brlbs-tw-ring-inset:;--brlbs-tw-ring-offset-width: 0px;--brlbs-tw-ring-offset-color: #fff;--brlbs-tw-ring-offset-shadow: 0 0 #0000;--brlbs-tw-ring-shadow: 0 0 #0000;--brlbs-tw-shadow: 0 0 #0000;--brlbs-tw-shadow-colored: 0 0 #0000;--brlbs-tw-blur:;--brlbs-tw-brightness:;--brlbs-tw-contrast:;--brlbs-tw-grayscale:;--brlbs-tw-hue-rotate:;--brlbs-tw-invert:;--brlbs-tw-saturate:;--brlbs-tw-sepia:;--brlbs-tw-drop-shadow:;--brlbs-tw-backdrop-blur:;--brlbs-tw-backdrop-brightness:;--brlbs-tw-backdrop-contrast:;--brlbs-tw-backdrop-grayscale:;--brlbs-tw-backdrop-hue-rotate:;--brlbs-tw-backdrop-invert:;--brlbs-tw-backdrop-opacity:;--brlbs-tw-backdrop-saturate:;--brlbs-tw-backdrop-sepia:;--brlbs-tw-contain-size:;--brlbs-tw-contain-layout:;--brlbs-tw-contain-paint:;--brlbs-tw-contain-style:;--tw-border-spacing-x: 0;--tw-border-spacing-y: 0;--tw-translate-x: 0;--tw-translate-y: 0;--tw-rotate: 0;--tw-skew-x: 0;--tw-skew-y: 0;--tw-scale-x: 1;--tw-scale-y: 1;--tw-pan-x:;--tw-pan-y:;--tw-pinch-zoom:;--tw-scroll-snap-strictness: proximity;--tw-gradient-from-position:;--tw-gradient-via-position:;--tw-gradient-to-position:;--tw-ordinal:;--tw-slashed-zero:;--tw-numeric-figure:;--tw-numeric-spacing:;--tw-numeric-fraction:;--tw-ring-inset:;--tw-ring-offset-width: 0px;--tw-ring-offset-color: #fff;--tw-ring-offset-shadow: 0 0 #0000;--tw-ring-shadow: 0 0 #0000;--tw-shadow: 0 0 #0000;--tw-shadow-colored: 0 0 #0000;--tw-blur:;--tw-brightness:;--tw-contrast:;--tw-grayscale:;--tw-hue-rotate:;--tw-invert:;--tw-saturate:;--tw-sepia:;--tw-drop-shadow:;--tw-backdrop-blur:;--tw-backdrop-brightness:;--tw-backdrop-contrast:;--tw-backdrop-grayscale:;--tw-backdrop-hue-rotate:;--tw-backdrop-invert:;--tw-backdrop-opacity:;--tw-backdrop-saturate:;--tw-backdrop-sepia:;font-weight: 700\">N. Berners<\/span>, Psychologin (M.Sc.), PT i. A. (VT), standardisierte Diagnostik, Begleitung bei Gruppenarbeit<br><br><span style=\"--tw-border-spacing-x: 0;--tw-border-spacing-y: 0;--tw-translate-x: 0;--tw-translate-y: 0;--tw-rotate: 0;--tw-skew-x: 0;--tw-skew-y: 0;--tw-scale-x: 1;--tw-scale-y: 1;--tw-pan-x:;--tw-pan-y:;--tw-pinch-zoom:;--tw-scroll-snap-strictness: proximity;--tw-gradient-from-position:;--tw-gradient-via-position:;--tw-gradient-to-position:;--tw-ordinal:;--tw-slashed-zero:;--tw-numeric-figure:;--tw-numeric-spacing:;--tw-numeric-fraction:;--tw-ring-inset:;--tw-ring-offset-width: 0px;--tw-ring-offset-color: #fff;--tw-ring-offset-shadow: 0 0 #0000;--tw-ring-shadow: 0 0 #0000;--tw-shadow: 0 0 #0000;--tw-shadow-colored: 0 0 #0000;--tw-blur:;--tw-brightness:;--tw-contrast:;--tw-grayscale:;--tw-hue-rotate:;--tw-invert:;--tw-saturate:;--tw-sepia:;--tw-drop-shadow:;--tw-backdrop-blur:;--tw-backdrop-brightness:;--tw-backdrop-contrast:;--tw-backdrop-grayscale:;--tw-backdrop-hue-rotate:;--tw-backdrop-invert:;--tw-backdrop-opacity:;--tw-backdrop-saturate:;--tw-backdrop-sepia:;font-weight: 700\"><span style=\"--brlbs-tw-gradient-via-position:;--brlbs-tw-gradient-to-position:;--brlbs-tw-ordinal:;--brlbs-tw-slashed-zero:;--brlbs-tw-numeric-figure:;--brlbs-tw-numeric-spacing:;--brlbs-tw-numeric-fraction:;--brlbs-tw-ring-inset:;--brlbs-tw-ring-offset-width: 0px;--brlbs-tw-ring-offset-color: #fff;--brlbs-tw-ring-offset-shadow: 0 0 #0000;--brlbs-tw-ring-shadow: 0 0 #0000;--brlbs-tw-shadow: 0 0 #0000;--brlbs-tw-shadow-colored: 0 0 #0000;--brlbs-tw-blur:;--brlbs-tw-brightness:;--brlbs-tw-contrast:;--brlbs-tw-grayscale:;--brlbs-tw-hue-rotate:;--brlbs-tw-invert:;--brlbs-tw-saturate:;--brlbs-tw-sepia:;--brlbs-tw-drop-shadow:;--brlbs-tw-backdrop-blur:;--brlbs-tw-backdrop-brightness:;--brlbs-tw-backdrop-contrast:;--brlbs-tw-backdrop-grayscale:;--brlbs-tw-backdrop-hue-rotate:;--brlbs-tw-backdrop-invert:;--brlbs-tw-backdrop-opacity:;--brlbs-tw-backdrop-saturate:;--brlbs-tw-backdrop-sepia:;--brlbs-tw-contain-size:;--brlbs-tw-contain-layout:;--brlbs-tw-contain-paint:;--brlbs-tw-contain-style:;--tw-border-spacing-x: 0;--tw-border-spacing-y: 0;--tw-translate-x: 0;--tw-translate-y: 0;--tw-rotate: 0;--tw-skew-x: 0;--tw-skew-y: 0;--tw-scale-x: 1;--tw-scale-y: 1;--tw-pan-x:;--tw-pan-y:;--tw-pinch-zoom:;--tw-scroll-snap-strictness: proximity;--tw-gradient-from-position:;--tw-gradient-via-position:;--tw-gradient-to-position:;--tw-ordinal:;--tw-slashed-zero:;--tw-numeric-figure:;--tw-numeric-spacing:;--tw-numeric-fraction:;--tw-ring-inset:;--tw-ring-offset-width: 0px;--tw-ring-offset-color: #fff;--tw-ring-offset-shadow: 0 0 #0000;--tw-ring-shadow: 0 0 #0000;--tw-shadow: 0 0 #0000;--tw-shadow-colored: 0 0 #0000;--tw-blur:;--tw-brightness:;--tw-contrast:;--tw-grayscale:;--tw-hue-rotate:;--tw-invert:;--tw-saturate:;--tw-sepia:;--tw-drop-shadow:;--tw-backdrop-blur:;--tw-backdrop-brightness:;--tw-backdrop-contrast:;--tw-backdrop-grayscale:;--tw-backdrop-hue-rotate:;--tw-backdrop-invert:;--tw-backdrop-opacity:;--tw-backdrop-saturate:;--tw-backdrop-sepia:\">S. Elmi<\/span><span style=\"font-weight: 400\">, Psychologin (M.Sc.), Diagnostik, Einzel- und Gruppenarbeit<\/span><br style=\"--brlbs-tw-scale-x: 1;--brlbs-tw-scale-y: 1;--brlbs-tw-pan-x:;--brlbs-tw-pan-y:;--brlbs-tw-pinch-zoom:;--brlbs-tw-scroll-snap-strictness: proximity;--brlbs-tw-gradient-from-position:;--brlbs-tw-gradient-via-position:;--brlbs-tw-gradient-to-position:;--brlbs-tw-ordinal:;--brlbs-tw-slashed-zero:;--brlbs-tw-numeric-figure:;--brlbs-tw-numeric-spacing:;--brlbs-tw-numeric-fraction:;--brlbs-tw-ring-inset:;--brlbs-tw-ring-offset-width: 0px;--brlbs-tw-ring-offset-color: #fff;--brlbs-tw-ring-offset-shadow: 0 0 #0000;--brlbs-tw-ring-shadow: 0 0 #0000;--brlbs-tw-shadow: 0 0 #0000;--brlbs-tw-shadow-colored: 0 0 #0000;--brlbs-tw-blur:;--brlbs-tw-brightness:;--brlbs-tw-contrast:;--brlbs-tw-grayscale:;--brlbs-tw-hue-rotate:;--brlbs-tw-invert:;--brlbs-tw-saturate:;--brlbs-tw-sepia:;--brlbs-tw-drop-shadow:;--brlbs-tw-backdrop-blur:;--brlbs-tw-backdrop-brightness:;--brlbs-tw-backdrop-contrast:;--brlbs-tw-backdrop-grayscale:;--brlbs-tw-backdrop-hue-rotate:;--brlbs-tw-backdrop-invert:;--brlbs-tw-backdrop-opacity:;--brlbs-tw-backdrop-saturate:;--brlbs-tw-backdrop-sepia:;--brlbs-tw-contain-size:;--brlbs-tw-contain-layout:;--brlbs-tw-contain-paint:;--brlbs-tw-contain-style:;font-weight: 400\"><br>C. Kleckner<\/span>, Psychologin (M.Sc.), KJPT i. A. (VT), Diagnostik, Einzel- und Gruppenarbeit<br><br><b>A. Scheufens<\/b>, Ergotherapeutin, Systemische Therapeutin\/Familientherapeutin (DGSF), Diagnostik, Einzel- und Gruppenarbeit<br><br>\n<b>M. Utecht<\/b>, Psychologin (B.Sc.), Diagnostik, Einzel- und Gruppenarbeit<br><br>\n<\/p><\/div><\/div>\t\t\t\t<\/div>\n\t\t\t\t<\/div>\n\t\t\t\t\t<\/div>\n\t\t\t\t<\/div>\n\t\t\t\t<\/div>\n\t\t<div class=\"elementor-element elementor-element-a828a4e e-flex e-con-boxed e-con e-parent\" data-id=\"a828a4e\" data-element_type=\"container\" data-e-type=\"container\">\n\t\t\t\t\t<div class=\"e-con-inner\">\n\t\t\t\t\t<\/div>\n\t\t\t\t<\/div>\n\t\t\t\t<\/div>\n\t\t","protected":false},"excerpt":{"rendered":"<p>Mit unserem engagierten Team sind wir gerne f\u00fcr Sie da! Dr. med. Birte Berger-Fr\u00f6hligKinder- und Jugendpsychiaterin und -psychotherapeutin Dr. med. Patricia JennebachKinder- und Jugendpsychiaterinund -psychotherapeutin Unsere Namen sind Dr. Patricia Jennebach und Dr. Birte Berger-Fr\u00f6hlig. Wir sind beide Fach\u00e4rztinnen f\u00fcr Kinder- und Jugendpsychiatrie und \u2011psychotherapie und kennen uns schon seit vielen Jahren aus unserer gemeinsamen [&hellip;]<\/p>\n","protected":false},"author":1,"featured_media":0,"parent":0,"menu_order":0,"comment_status":"closed","ping_status":"closed","template":"","meta":{"footnotes":""},"class_list":["post-322","page","type-page","status-publish","hentry"],"yoast_head":"<!-- This site is optimized with the Yoast SEO plugin v27.5 - https:\/\/yoast.com\/product\/yoast-seo-wordpress\/ -->\n<title>Team - KJP Aachen<\/title>\n<meta name=\"description\" content=\"Wir sind Fach\u00e4rztinnen f\u00fcr Kinder- und Jugendpsychiatrie und \u2011psychotherapie\" \/>\n<meta name=\"robots\" content=\"index, follow, max-snippet:-1, max-image-preview:large, max-video-preview:-1\" \/>\n<link rel=\"canonical\" href=\"https:\/\/kjp-aachen.de\/?page_id=322\" \/>\n<meta property=\"og:locale\" content=\"de_DE\" \/>\n<meta property=\"og:type\" content=\"article\" \/>\n<meta property=\"og:title\" content=\"Team - KJP Aachen\" \/>\n<meta property=\"og:description\" content=\"Wir sind Fach\u00e4rztinnen f\u00fcr Kinder- und Jugendpsychiatrie und \u2011psychotherapie\" \/>\n<meta property=\"og:url\" content=\"https:\/\/kjp-aachen.de\/?page_id=322\" \/>\n<meta property=\"og:site_name\" content=\"KJP Aachen\" \/>\n<meta property=\"article:modified_time\" content=\"2026-04-23T16:22:33+00:00\" \/>\n<meta property=\"og:image\" content=\"https:\/\/kjp-aachen.de\/wp-content\/uploads\/2023\/12\/KJP-Aachen_Birte_Berger-Froehlig.jpg\" \/>\n\t<meta property=\"og:image:width\" content=\"800\" \/>\n\t<meta property=\"og:image:height\" content=\"533\" \/>\n\t<meta property=\"og:image:type\" content=\"image\/jpeg\" \/>\n<meta name=\"twitter:card\" content=\"summary_large_image\" \/>\n<meta name=\"twitter:label1\" content=\"Gesch\u00e4tzte Lesezeit\" \/>\n\t<meta name=\"twitter:data1\" content=\"2\u00a0Minuten\" \/>\n<script type=\"application\/ld+json\" class=\"yoast-schema-graph\">{\"@context\":\"https:\\\/\\\/schema.org\",\"@graph\":[{\"@type\":\"WebPage\",\"@id\":\"https:\\\/\\\/kjp-aachen.de\\\/?page_id=322\",\"url\":\"https:\\\/\\\/kjp-aachen.de\\\/?page_id=322\",\"name\":\"Team - KJP Aachen\",\"isPartOf\":{\"@id\":\"https:\\\/\\\/kjp-aachen.de\\\/#website\"},\"primaryImageOfPage\":{\"@id\":\"https:\\\/\\\/kjp-aachen.de\\\/?page_id=322#primaryimage\"},\"image\":{\"@id\":\"https:\\\/\\\/kjp-aachen.de\\\/?page_id=322#primaryimage\"},\"thumbnailUrl\":\"https:\\\/\\\/kjp-aachen.de\\\/wp-content\\\/uploads\\\/2023\\\/12\\\/KJP-Aachen_Birte_Berger-Froehlig.jpg\",\"datePublished\":\"2023-12-01T11:42:11+00:00\",\"dateModified\":\"2026-04-23T16:22:33+00:00\",\"description\":\"Wir sind Fach\u00e4rztinnen f\u00fcr Kinder- und Jugendpsychiatrie und \u2011psychotherapie\",\"breadcrumb\":{\"@id\":\"https:\\\/\\\/kjp-aachen.de\\\/?page_id=322#breadcrumb\"},\"inLanguage\":\"de\",\"potentialAction\":[{\"@type\":\"ReadAction\",\"target\":[\"https:\\\/\\\/kjp-aachen.de\\\/?page_id=322\"]}]},{\"@type\":\"ImageObject\",\"inLanguage\":\"de\",\"@id\":\"https:\\\/\\\/kjp-aachen.de\\\/?page_id=322#primaryimage\",\"url\":\"https:\\\/\\\/kjp-aachen.de\\\/wp-content\\\/uploads\\\/2023\\\/12\\\/KJP-Aachen_Birte_Berger-Froehlig.jpg\",\"contentUrl\":\"https:\\\/\\\/kjp-aachen.de\\\/wp-content\\\/uploads\\\/2023\\\/12\\\/KJP-Aachen_Birte_Berger-Froehlig.jpg\",\"width\":800,\"height\":533,\"caption\":\"Kinder- und Jugendpsychiaterin Dr. Birte Berger-Froehlig\"},{\"@type\":\"BreadcrumbList\",\"@id\":\"https:\\\/\\\/kjp-aachen.de\\\/?page_id=322#breadcrumb\",\"itemListElement\":[{\"@type\":\"ListItem\",\"position\":1,\"name\":\"Startseite\",\"item\":\"https:\\\/\\\/kjp-aachen.de\\\/\"},{\"@type\":\"ListItem\",\"position\":2,\"name\":\"Team\"}]},{\"@type\":\"WebSite\",\"@id\":\"https:\\\/\\\/kjp-aachen.de\\\/#website\",\"url\":\"https:\\\/\\\/kjp-aachen.de\\\/\",\"name\":\"KJP Aachen\",\"description\":\"Kinderpsychiater Aachen\",\"publisher\":{\"@id\":\"https:\\\/\\\/kjp-aachen.de\\\/#organization\"},\"potentialAction\":[{\"@type\":\"SearchAction\",\"target\":{\"@type\":\"EntryPoint\",\"urlTemplate\":\"https:\\\/\\\/kjp-aachen.de\\\/?s={search_term_string}\"},\"query-input\":{\"@type\":\"PropertyValueSpecification\",\"valueRequired\":true,\"valueName\":\"search_term_string\"}}],\"inLanguage\":\"de\"},{\"@type\":\"Organization\",\"@id\":\"https:\\\/\\\/kjp-aachen.de\\\/#organization\",\"name\":\"KJP Aachen\",\"url\":\"https:\\\/\\\/kjp-aachen.de\\\/\",\"logo\":{\"@type\":\"ImageObject\",\"inLanguage\":\"de\",\"@id\":\"https:\\\/\\\/kjp-aachen.de\\\/#\\\/schema\\\/logo\\\/image\\\/\",\"url\":\"https:\\\/\\\/kjp-aachen.de\\\/wp-content\\\/uploads\\\/2023\\\/09\\\/KJP_AC_Logo_RGB.png\",\"contentUrl\":\"https:\\\/\\\/kjp-aachen.de\\\/wp-content\\\/uploads\\\/2023\\\/09\\\/KJP_AC_Logo_RGB.png\",\"width\":549,\"height\":549,\"caption\":\"KJP Aachen\"},\"image\":{\"@id\":\"https:\\\/\\\/kjp-aachen.de\\\/#\\\/schema\\\/logo\\\/image\\\/\"}}]}<\/script>\n<!-- \/ Yoast SEO plugin. -->","yoast_head_json":{"title":"Team - KJP Aachen","description":"Wir sind Fach\u00e4rztinnen f\u00fcr Kinder- und Jugendpsychiatrie und \u2011psychotherapie","robots":{"index":"index","follow":"follow","max-snippet":"max-snippet:-1","max-image-preview":"max-image-preview:large","max-video-preview":"max-video-preview:-1"},"canonical":"https:\/\/kjp-aachen.de\/?page_id=322","og_locale":"de_DE","og_type":"article","og_title":"Team - KJP Aachen","og_description":"Wir sind Fach\u00e4rztinnen f\u00fcr Kinder- und Jugendpsychiatrie und \u2011psychotherapie","og_url":"https:\/\/kjp-aachen.de\/?page_id=322","og_site_name":"KJP Aachen","article_modified_time":"2026-04-23T16:22:33+00:00","og_image":[{"width":800,"height":533,"url":"https:\/\/kjp-aachen.de\/wp-content\/uploads\/2023\/12\/KJP-Aachen_Birte_Berger-Froehlig.jpg","type":"image\/jpeg"}],"twitter_card":"summary_large_image","twitter_misc":{"Gesch\u00e4tzte Lesezeit":"2\u00a0Minuten"},"schema":{"@context":"https:\/\/schema.org","@graph":[{"@type":"WebPage","@id":"https:\/\/kjp-aachen.de\/?page_id=322","url":"https:\/\/kjp-aachen.de\/?page_id=322","name":"Team - KJP Aachen","isPartOf":{"@id":"https:\/\/kjp-aachen.de\/#website"},"primaryImageOfPage":{"@id":"https:\/\/kjp-aachen.de\/?page_id=322#primaryimage"},"image":{"@id":"https:\/\/kjp-aachen.de\/?page_id=322#primaryimage"},"thumbnailUrl":"https:\/\/kjp-aachen.de\/wp-content\/uploads\/2023\/12\/KJP-Aachen_Birte_Berger-Froehlig.jpg","datePublished":"2023-12-01T11:42:11+00:00","dateModified":"2026-04-23T16:22:33+00:00","description":"Wir sind Fach\u00e4rztinnen f\u00fcr Kinder- und Jugendpsychiatrie und \u2011psychotherapie","breadcrumb":{"@id":"https:\/\/kjp-aachen.de\/?page_id=322#breadcrumb"},"inLanguage":"de","potentialAction":[{"@type":"ReadAction","target":["https:\/\/kjp-aachen.de\/?page_id=322"]}]},{"@type":"ImageObject","inLanguage":"de","@id":"https:\/\/kjp-aachen.de\/?page_id=322#primaryimage","url":"https:\/\/kjp-aachen.de\/wp-content\/uploads\/2023\/12\/KJP-Aachen_Birte_Berger-Froehlig.jpg","contentUrl":"https:\/\/kjp-aachen.de\/wp-content\/uploads\/2023\/12\/KJP-Aachen_Birte_Berger-Froehlig.jpg","width":800,"height":533,"caption":"Kinder- und Jugendpsychiaterin Dr. Birte Berger-Froehlig"},{"@type":"BreadcrumbList","@id":"https:\/\/kjp-aachen.de\/?page_id=322#breadcrumb","itemListElement":[{"@type":"ListItem","position":1,"name":"Startseite","item":"https:\/\/kjp-aachen.de\/"},{"@type":"ListItem","position":2,"name":"Team"}]},{"@type":"WebSite","@id":"https:\/\/kjp-aachen.de\/#website","url":"https:\/\/kjp-aachen.de\/","name":"KJP Aachen","description":"Kinderpsychiater Aachen","publisher":{"@id":"https:\/\/kjp-aachen.de\/#organization"},"potentialAction":[{"@type":"SearchAction","target":{"@type":"EntryPoint","urlTemplate":"https:\/\/kjp-aachen.de\/?s={search_term_string}"},"query-input":{"@type":"PropertyValueSpecification","valueRequired":true,"valueName":"search_term_string"}}],"inLanguage":"de"},{"@type":"Organization","@id":"https:\/\/kjp-aachen.de\/#organization","name":"KJP Aachen","url":"https:\/\/kjp-aachen.de\/","logo":{"@type":"ImageObject","inLanguage":"de","@id":"https:\/\/kjp-aachen.de\/#\/schema\/logo\/image\/","url":"https:\/\/kjp-aachen.de\/wp-content\/uploads\/2023\/09\/KJP_AC_Logo_RGB.png","contentUrl":"https:\/\/kjp-aachen.de\/wp-content\/uploads\/2023\/09\/KJP_AC_Logo_RGB.png","width":549,"height":549,"caption":"KJP Aachen"},"image":{"@id":"https:\/\/kjp-aachen.de\/#\/schema\/logo\/image\/"}}]}},"_links":{"self":[{"href":"https:\/\/kjp-aachen.de\/index.php?rest_route=\/wp\/v2\/pages\/322","targetHints":{"allow":["GET"]}}],"collection":[{"href":"https:\/\/kjp-aachen.de\/index.php?rest_route=\/wp\/v2\/pages"}],"about":[{"href":"https:\/\/kjp-aachen.de\/index.php?rest_route=\/wp\/v2\/types\/page"}],"author":[{"embeddable":true,"href":"https:\/\/kjp-aachen.de\/index.php?rest_route=\/wp\/v2\/users\/1"}],"replies":[{"embeddable":true,"href":"https:\/\/kjp-aachen.de\/index.php?rest_route=%2Fwp%2Fv2%2Fcomments&post=322"}],"version-history":[{"count":10,"href":"https:\/\/kjp-aachen.de\/index.php?rest_route=\/wp\/v2\/pages\/322\/revisions"}],"predecessor-version":[{"id":1698,"href":"https:\/\/kjp-aachen.de\/index.php?rest_route=\/wp\/v2\/pages\/322\/revisions\/1698"}],"wp:attachment":[{"href":"https:\/\/kjp-aachen.de\/index.php?rest_route=%2Fwp%2Fv2%2Fmedia&parent=322"}],"curies":[{"name":"wp","href":"https:\/\/api.w.org\/{rel}","templated":true}]}}