{"id":89,"date":"2023-09-26T10:49:30","date_gmt":"2023-09-26T08:49:30","guid":{"rendered":"https:\/\/kjp-aachen.de\/?page_id=89"},"modified":"2023-12-28T21:43:17","modified_gmt":"2023-12-28T20:43:17","slug":"impressum","status":"publish","type":"page","link":"https:\/\/kjp-aachen.de\/?page_id=89","title":{"rendered":"Impressum"},"content":{"rendered":"\t\t<div data-elementor-type=\"wp-page\" data-elementor-id=\"89\" class=\"elementor elementor-89\" data-elementor-post-type=\"page\">\n\t\t\t\t<div class=\"elementor-element elementor-element-3a7a238 e-flex e-con-boxed e-con e-parent\" data-id=\"3a7a238\" data-element_type=\"container\" data-e-type=\"container\" data-settings=\"{&quot;background_background&quot;:&quot;classic&quot;}\">\n\t\t\t\t\t<div class=\"e-con-inner\">\n\t\t\t\t<div class=\"elementor-element elementor-element-8abaaed elementor-widget elementor-widget-text-editor\" data-id=\"8abaaed\" data-element_type=\"widget\" data-e-type=\"widget\" data-widget_type=\"text-editor.default\">\n\t\t\t\t<div class=\"elementor-widget-container\">\n\t\t\t\t\t\t\t\t\t<h1>Impressum<\/h1><h3>Angaben gem\u00e4\u00df \u00a73 5 TMG, 18 MStV:<\/h3><p><strong>Ambulantes\u00a0 Zentrum f\u00fcr Kinder- und Jugendpsychiatrie<\/strong><\/p><p>Adalbertsteinweg 12-16<br \/>52070 Aachen<\/p><p><strong><u>Kontakt:<\/u><\/strong><\/p><p>Telefon: 0241 565 2 707-0<br \/>Email: info@kjp-aachen.de<\/p><p><strong><u>Inhaberinnen:<\/u><\/strong><\/p><p>Dr. med. Birte Berger-Fr\u00f6hlig<br \/>Dr. med. Patricia Jennebach<\/p><p><strong><u>Berufsbezeichnung:<\/u><\/strong><\/p><p>Fach\u00e4rztinnen f\u00fcr Kinder- und Jugendpsychiatrie und \u2013psychotherapie<br \/>Verliehen in der Bundesrepublik Deutschland<\/p><p><strong><u>Zust\u00e4ndige Aufsichtsbeh\u00f6rde:<\/u><\/strong><strong><u><br \/><\/u><\/strong>\u00c4rztekammer Nordrhein<br \/>Tersteegenstra\u00dfe 31<br \/>40474 D\u00fcsseldorf<\/p><p><a href=\"https:\/\/www.aekno.de\/\">https:\/\/www.aekno.de\/<\/a><\/p><p><strong><u>Zust\u00e4ndige Kassen\u00e4rztliche Vereinigung:<\/u><\/strong><strong><u><br \/><\/u><\/strong>Kassen\u00e4rztliche Vereinigung Nordrhein<br \/>Tersteegenstra\u00dfe 9<br \/>40474 D\u00fcsseldorf<\/p><p><a href=\"https:\/\/www.kvno.de\/\">https:\/\/www.kvno.de\/<\/a><\/p><h3><u>Angaben zur Berufs\u00adhaftpflicht\u00adversicherung<\/u><\/h3><p><strong>Deutsche \u00c4rzteversicherung Allgemeine<\/strong><br \/>Zweigniederlassung der AXA Versicherung AG Deutschland 5515<\/p><p><strong>Geltungsbereich der Versicherung: <\/strong>Deutschland<\/p><p><strong><u>Es gelten folgende berufsrechtliche Regelungen<\/u><\/strong><\/p><p>Berufsordnung, einsehbar unter:<\/p><p><a href=\"https:\/\/www.aekno.de\/aerzte\/berufsordnung\">https:\/\/www.aekno.de\/aerzte\/berufsordnung<\/a><\/p><p>Heilberufegesetz, einsehbar unter:<\/p><p>\u00a0<a href=\"https:\/\/www.aekno.de\/aerzte\/gesetze-verordnungen\/heilberufsgesetz-nrw\">https:\/\/www.aekno.de\/aerzte\/gesetze-verordnungen\/heilberufsgesetz-nrw<\/a><\/p><h3><u>Streitschlichtung:<\/u><\/h3><p>Wir sind nicht bereit oder verpflichtet, an Streitbeilegungsverfahren vor einer Verbraucherschlichtungsstelle teilzunehmen.<\/p><p><strong><u>Haftung f\u00fcr Inhalte<\/u><\/strong><\/p><p>Die Inhalte unserer Seiten wurden mit gr\u00f6\u00dfter Sorgfalt erstellt. F\u00fcr die Richtigkeit, Vollst\u00e4ndigkeit und Aktualit\u00e4t der Inhalte k\u00f6nnen wir jedoch keine Gew\u00e4hr \u00fcbernehmen. Als Diensteanbieter sind wir gem\u00e4\u00df \u00a7 7 Abs.1 TMG f\u00fcr eigene Inhalte auf diesen Seiten nach den allgemeinen Gesetzen verantwortlich. Nach \u00a7\u00a7 8 bis 10 TMG sind wir als Diensteanbieter jedoch nicht verpflichtet, \u00fcbermittelte oder gespeicherte fremde Informationen zu \u00fcberwachen oder nach Umst\u00e4nden zu forschen, die auf eine rechtswidrige T\u00e4tigkeit hinweisen. Verpflichtungen zur Entfernung oder Sperrung der Nutzung von Informationen nach den allgemeinen Gesetzen bleiben hiervon unber\u00fchrt. Eine diesbez\u00fcgliche Haftung ist jedoch erst ab dem Zeitpunkt der Kenntnis einer konkreten Rechtsverletzung m\u00f6glich. Bei Bekanntwerden von entsprechenden Rechtsverletzungen werden wir diese Inhalte umgehend entfernen.<\/p><p><strong><u><br \/>Haftung f\u00fcr Links<\/u><\/strong><\/p><p>Unser Angebot enth\u00e4lt Links zu externen Webseiten Dritter, auf deren Inhalte wir keinen Einfluss haben. Deshalb k\u00f6nnen wir f\u00fcr diese fremden Inhalte auch keine Gew\u00e4hr \u00fcbernehmen. F\u00fcr die Inhalte der verlinkten Seiten ist stets der jeweilige Anbieter oder Betreiber der Seiten verantwortlich. Die verlinkten Seiten wurden zum Zeitpunkt der Verlinkung auf m\u00f6gliche Rechtsverst\u00f6\u00dfe \u00fcberpr\u00fcft. Rechtswidrige Inhalte waren zum Zeitpunkt der Verlinkung nicht erkennbar. Eine permanente inhaltliche Kontrolle der verlinkten Seiten ist jedoch ohne konkrete Anhaltspunkte einer Rechtsverletzung nicht zumutbar. Bei Bekanntwerden von Rechtsverletzungen werden wir derartige Links umgehend entfernen.<\/p><p><strong><u><br \/>Urheberrecht<\/u><\/strong><\/p><p>Die durch die Seitenbetreiber erstellten Inhalte und Werke auf diesen Seiten unterliegen dem deutschen Urheberrecht. Die Vervielf\u00e4ltigung, Bearbeitung, Verbreitung und jede Art der Verwertung au\u00dferhalb der Grenzen des Urheberrechtes bed\u00fcrfen der schriftlichen Zustimmung des jeweiligen Autors bzw. Erstellers. Downloads und Kopien dieser Seite sind nur f\u00fcr den privaten, nicht kommerziellen Gebrauch gestattet. Soweit die Inhalte auf dieser Seite nicht vom Betreiber erstellt wurden, werden die Urheberrechte Dritter beachtet. Insbesondere werden Inhalte Dritter als solche gekennzeichnet. Sollten Sie trotzdem auf eine Urheberrechtsverletzung aufmerksam werden, bitten wir um einen entsprechenden Hinweis. Bei Bekanntwerden von Rechtsverletzungen werden wir derartige Inhalte umgehend entfernen.<\/p><p><strong><u>Datenschutz<\/u><\/strong><\/p><p>Die Nutzung unserer Webseite ist in der Regel ohne Angabe personenbezogener Daten m\u00f6glich. Soweit auf unseren Seiten personenbezogene Daten (beispielsweise Name, Anschrift oder eMail-Adressen) erhoben werden, erfolgt dies, soweit m\u00f6glich, stets auf freiwilliger Basis. Diese Daten werden ohne Ihre ausdr\u00fcckliche Zustimmung nicht an Dritte weitergegeben.<\/p><p>Wir weisen darauf hin, dass die Daten\u00fcbertragung im Internet (z.B. bei der Kommunikation per E-Mail) Sicherheitsl\u00fccken aufweisen kann. Ein l\u00fcckenloser Schutz der Daten vor dem Zugriff durch Dritte ist nicht m\u00f6glich.<\/p><p>Weitere Einzelheiten finden Sie in unserer Datenschutzerkl\u00e4rung.<\/p><p><strong><u>Bildnachweise:<\/u><\/strong><\/p><p>Fotografien von\u00a0<a href=\"https:\/\/www.rosaengel.de\/\">Rosa Engel<\/a><\/p><p>Fotografien von <a href=\"https:\/\/elements.envato.com\/de\/\">Envato Elements<\/a><\/p><p><u><strong>Konzeption, Design und technische Realisation:<\/strong><\/u><\/p><p><a href=\"https:\/\/www.frietz.net\/\">Friederike Dietz<\/a><\/p>\t\t\t\t\t\t\t\t<\/div>\n\t\t\t\t<\/div>\n\t\t\t\t\t<\/div>\n\t\t\t\t<\/div>\n\t\t\t\t<\/div>\n\t\t","protected":false},"excerpt":{"rendered":"<p>Impressum Angaben gem\u00e4\u00df \u00a73 5 TMG, 18 MStV: Ambulantes\u00a0 Zentrum f\u00fcr Kinder- und Jugendpsychiatrie Adalbertsteinweg 12-1652070 Aachen Kontakt: Telefon: 0241 565 2 707-0Email: info@kjp-aachen.de Inhaberinnen: Dr. med. Birte Berger-Fr\u00f6hligDr. med. Patricia Jennebach Berufsbezeichnung: Fach\u00e4rztinnen f\u00fcr Kinder- und Jugendpsychiatrie und \u2013psychotherapieVerliehen in der Bundesrepublik Deutschland Zust\u00e4ndige Aufsichtsbeh\u00f6rde:\u00c4rztekammer NordrheinTersteegenstra\u00dfe 3140474 D\u00fcsseldorf https:\/\/www.aekno.de\/ Zust\u00e4ndige Kassen\u00e4rztliche Vereinigung:Kassen\u00e4rztliche Vereinigung NordrheinTersteegenstra\u00dfe [&hellip;]<\/p>\n","protected":false},"author":1,"featured_media":0,"parent":0,"menu_order":0,"comment_status":"closed","ping_status":"closed","template":"","meta":{"footnotes":""},"class_list":["post-89","page","type-page","status-publish","hentry"],"yoast_head":"<!-- This site is optimized with the Yoast SEO plugin v27.5 - https:\/\/yoast.com\/product\/yoast-seo-wordpress\/ -->\n<title>Impressum - KJP Aachen<\/title>\n<meta name=\"robots\" content=\"index, follow, max-snippet:-1, max-image-preview:large, max-video-preview:-1\" \/>\n<link rel=\"canonical\" href=\"https:\/\/kjp-aachen.de\/?page_id=89\" \/>\n<meta property=\"og:locale\" content=\"de_DE\" \/>\n<meta property=\"og:type\" content=\"article\" \/>\n<meta property=\"og:title\" content=\"Impressum - KJP Aachen\" \/>\n<meta property=\"og:description\" content=\"Impressum Angaben gem\u00e4\u00df \u00a73 5 TMG, 18 MStV: Ambulantes\u00a0 Zentrum f\u00fcr Kinder- und Jugendpsychiatrie Adalbertsteinweg 12-1652070 Aachen Kontakt: Telefon: 0241 565 2 707-0Email: info@kjp-aachen.de Inhaberinnen: Dr. med. Birte Berger-Fr\u00f6hligDr. med. Patricia Jennebach Berufsbezeichnung: Fach\u00e4rztinnen f\u00fcr Kinder- und Jugendpsychiatrie und \u2013psychotherapieVerliehen in der Bundesrepublik Deutschland Zust\u00e4ndige Aufsichtsbeh\u00f6rde:\u00c4rztekammer NordrheinTersteegenstra\u00dfe 3140474 D\u00fcsseldorf https:\/\/www.aekno.de\/ Zust\u00e4ndige Kassen\u00e4rztliche Vereinigung:Kassen\u00e4rztliche Vereinigung NordrheinTersteegenstra\u00dfe [&hellip;]\" \/>\n<meta property=\"og:url\" content=\"https:\/\/kjp-aachen.de\/?page_id=89\" \/>\n<meta property=\"og:site_name\" content=\"KJP Aachen\" \/>\n<meta property=\"article:modified_time\" content=\"2023-12-28T20:43:17+00:00\" \/>\n<meta property=\"og:image\" content=\"https:\/\/kjp-aachen.de\/wp-content\/uploads\/2023\/09\/KJP_AC_Logo_Bez_RGB_800px.png\" \/>\n\t<meta property=\"og:image:width\" content=\"1000\" \/>\n\t<meta property=\"og:image:height\" content=\"471\" \/>\n\t<meta property=\"og:image:type\" content=\"image\/png\" \/>\n<meta name=\"twitter:card\" content=\"summary_large_image\" \/>\n<meta name=\"twitter:label1\" content=\"Gesch\u00e4tzte Lesezeit\" \/>\n\t<meta name=\"twitter:data1\" content=\"3\u00a0Minuten\" \/>\n<script type=\"application\/ld+json\" class=\"yoast-schema-graph\">{\"@context\":\"https:\\\/\\\/schema.org\",\"@graph\":[{\"@type\":\"WebPage\",\"@id\":\"https:\\\/\\\/kjp-aachen.de\\\/?page_id=89\",\"url\":\"https:\\\/\\\/kjp-aachen.de\\\/?page_id=89\",\"name\":\"Impressum - KJP Aachen\",\"isPartOf\":{\"@id\":\"https:\\\/\\\/kjp-aachen.de\\\/#website\"},\"datePublished\":\"2023-09-26T08:49:30+00:00\",\"dateModified\":\"2023-12-28T20:43:17+00:00\",\"breadcrumb\":{\"@id\":\"https:\\\/\\\/kjp-aachen.de\\\/?page_id=89#breadcrumb\"},\"inLanguage\":\"de\",\"potentialAction\":[{\"@type\":\"ReadAction\",\"target\":[\"https:\\\/\\\/kjp-aachen.de\\\/?page_id=89\"]}]},{\"@type\":\"BreadcrumbList\",\"@id\":\"https:\\\/\\\/kjp-aachen.de\\\/?page_id=89#breadcrumb\",\"itemListElement\":[{\"@type\":\"ListItem\",\"position\":1,\"name\":\"Startseite\",\"item\":\"https:\\\/\\\/kjp-aachen.de\\\/\"},{\"@type\":\"ListItem\",\"position\":2,\"name\":\"Impressum\"}]},{\"@type\":\"WebSite\",\"@id\":\"https:\\\/\\\/kjp-aachen.de\\\/#website\",\"url\":\"https:\\\/\\\/kjp-aachen.de\\\/\",\"name\":\"KJP Aachen\",\"description\":\"Kinderpsychiater Aachen\",\"publisher\":{\"@id\":\"https:\\\/\\\/kjp-aachen.de\\\/#organization\"},\"potentialAction\":[{\"@type\":\"SearchAction\",\"target\":{\"@type\":\"EntryPoint\",\"urlTemplate\":\"https:\\\/\\\/kjp-aachen.de\\\/?s={search_term_string}\"},\"query-input\":{\"@type\":\"PropertyValueSpecification\",\"valueRequired\":true,\"valueName\":\"search_term_string\"}}],\"inLanguage\":\"de\"},{\"@type\":\"Organization\",\"@id\":\"https:\\\/\\\/kjp-aachen.de\\\/#organization\",\"name\":\"KJP Aachen\",\"url\":\"https:\\\/\\\/kjp-aachen.de\\\/\",\"logo\":{\"@type\":\"ImageObject\",\"inLanguage\":\"de\",\"@id\":\"https:\\\/\\\/kjp-aachen.de\\\/#\\\/schema\\\/logo\\\/image\\\/\",\"url\":\"https:\\\/\\\/kjp-aachen.de\\\/wp-content\\\/uploads\\\/2023\\\/09\\\/KJP_AC_Logo_RGB.png\",\"contentUrl\":\"https:\\\/\\\/kjp-aachen.de\\\/wp-content\\\/uploads\\\/2023\\\/09\\\/KJP_AC_Logo_RGB.png\",\"width\":549,\"height\":549,\"caption\":\"KJP Aachen\"},\"image\":{\"@id\":\"https:\\\/\\\/kjp-aachen.de\\\/#\\\/schema\\\/logo\\\/image\\\/\"}}]}<\/script>\n<!-- \/ Yoast SEO plugin. -->","yoast_head_json":{"title":"Impressum - KJP Aachen","robots":{"index":"index","follow":"follow","max-snippet":"max-snippet:-1","max-image-preview":"max-image-preview:large","max-video-preview":"max-video-preview:-1"},"canonical":"https:\/\/kjp-aachen.de\/?page_id=89","og_locale":"de_DE","og_type":"article","og_title":"Impressum - KJP Aachen","og_description":"Impressum Angaben gem\u00e4\u00df \u00a73 5 TMG, 18 MStV: Ambulantes\u00a0 Zentrum f\u00fcr Kinder- und Jugendpsychiatrie Adalbertsteinweg 12-1652070 Aachen Kontakt: Telefon: 0241 565 2 707-0Email: info@kjp-aachen.de Inhaberinnen: Dr. med. Birte Berger-Fr\u00f6hligDr. med. Patricia Jennebach Berufsbezeichnung: Fach\u00e4rztinnen f\u00fcr Kinder- und Jugendpsychiatrie und \u2013psychotherapieVerliehen in der Bundesrepublik Deutschland Zust\u00e4ndige Aufsichtsbeh\u00f6rde:\u00c4rztekammer NordrheinTersteegenstra\u00dfe 3140474 D\u00fcsseldorf https:\/\/www.aekno.de\/ Zust\u00e4ndige Kassen\u00e4rztliche Vereinigung:Kassen\u00e4rztliche Vereinigung NordrheinTersteegenstra\u00dfe [&hellip;]","og_url":"https:\/\/kjp-aachen.de\/?page_id=89","og_site_name":"KJP Aachen","article_modified_time":"2023-12-28T20:43:17+00:00","og_image":[{"width":1000,"height":471,"url":"https:\/\/kjp-aachen.de\/wp-content\/uploads\/2023\/09\/KJP_AC_Logo_Bez_RGB_800px.png","type":"image\/png"}],"twitter_card":"summary_large_image","twitter_misc":{"Gesch\u00e4tzte Lesezeit":"3\u00a0Minuten"},"schema":{"@context":"https:\/\/schema.org","@graph":[{"@type":"WebPage","@id":"https:\/\/kjp-aachen.de\/?page_id=89","url":"https:\/\/kjp-aachen.de\/?page_id=89","name":"Impressum - KJP Aachen","isPartOf":{"@id":"https:\/\/kjp-aachen.de\/#website"},"datePublished":"2023-09-26T08:49:30+00:00","dateModified":"2023-12-28T20:43:17+00:00","breadcrumb":{"@id":"https:\/\/kjp-aachen.de\/?page_id=89#breadcrumb"},"inLanguage":"de","potentialAction":[{"@type":"ReadAction","target":["https:\/\/kjp-aachen.de\/?page_id=89"]}]},{"@type":"BreadcrumbList","@id":"https:\/\/kjp-aachen.de\/?page_id=89#breadcrumb","itemListElement":[{"@type":"ListItem","position":1,"name":"Startseite","item":"https:\/\/kjp-aachen.de\/"},{"@type":"ListItem","position":2,"name":"Impressum"}]},{"@type":"WebSite","@id":"https:\/\/kjp-aachen.de\/#website","url":"https:\/\/kjp-aachen.de\/","name":"KJP Aachen","description":"Kinderpsychiater Aachen","publisher":{"@id":"https:\/\/kjp-aachen.de\/#organization"},"potentialAction":[{"@type":"SearchAction","target":{"@type":"EntryPoint","urlTemplate":"https:\/\/kjp-aachen.de\/?s={search_term_string}"},"query-input":{"@type":"PropertyValueSpecification","valueRequired":true,"valueName":"search_term_string"}}],"inLanguage":"de"},{"@type":"Organization","@id":"https:\/\/kjp-aachen.de\/#organization","name":"KJP Aachen","url":"https:\/\/kjp-aachen.de\/","logo":{"@type":"ImageObject","inLanguage":"de","@id":"https:\/\/kjp-aachen.de\/#\/schema\/logo\/image\/","url":"https:\/\/kjp-aachen.de\/wp-content\/uploads\/2023\/09\/KJP_AC_Logo_RGB.png","contentUrl":"https:\/\/kjp-aachen.de\/wp-content\/uploads\/2023\/09\/KJP_AC_Logo_RGB.png","width":549,"height":549,"caption":"KJP Aachen"},"image":{"@id":"https:\/\/kjp-aachen.de\/#\/schema\/logo\/image\/"}}]}},"_links":{"self":[{"href":"https:\/\/kjp-aachen.de\/index.php?rest_route=\/wp\/v2\/pages\/89","targetHints":{"allow":["GET"]}}],"collection":[{"href":"https:\/\/kjp-aachen.de\/index.php?rest_route=\/wp\/v2\/pages"}],"about":[{"href":"https:\/\/kjp-aachen.de\/index.php?rest_route=\/wp\/v2\/types\/page"}],"author":[{"embeddable":true,"href":"https:\/\/kjp-aachen.de\/index.php?rest_route=\/wp\/v2\/users\/1"}],"replies":[{"embeddable":true,"href":"https:\/\/kjp-aachen.de\/index.php?rest_route=%2Fwp%2Fv2%2Fcomments&post=89"}],"version-history":[{"count":10,"href":"https:\/\/kjp-aachen.de\/index.php?rest_route=\/wp\/v2\/pages\/89\/revisions"}],"predecessor-version":[{"id":862,"href":"https:\/\/kjp-aachen.de\/index.php?rest_route=\/wp\/v2\/pages\/89\/revisions\/862"}],"wp:attachment":[{"href":"https:\/\/kjp-aachen.de\/index.php?rest_route=%2Fwp%2Fv2%2Fmedia&parent=89"}],"curies":[{"name":"wp","href":"https:\/\/api.w.org\/{rel}","templated":true}]}}